{"id":62,"date":"2014-07-14T18:31:46","date_gmt":"2014-07-14T16:31:46","guid":{"rendered":"http:\/\/sequiol.es\/?page_id=62"},"modified":"2023-02-03T17:25:46","modified_gmt":"2023-02-03T16:25:46","slug":"regines-i-dames-de-la-ciutat-sequioleres","status":"publish","type":"page","link":"https:\/\/sequiol.es\/vl\/historic\/regines-i-dames-de-la-ciutat-sequioleres\/","title":{"rendered":"Reines i Dames de la Ciutat &#8220;Sequioleres&#8221;"},"content":{"rendered":"<h2>Reines<\/h2>\n<div id=\"attachment_34552\" style=\"width: 310px\" class=\"wp-caption alignleft\"><a class=\"fancybox\" title=\"Estefan\u00eda Climent i Moreno&lt;br \/&gt; Reina 2017\" href=\"http:\/\/sequiol.es\/wp-content\/uploads\/2017\/05\/2017-reina.jpg\" rel=\"reinas-damas\"><img loading=\"lazy\" decoding=\"async\" aria-describedby=\"caption-attachment-34552\" class=\"size-large wp-image-34554\" src=\"https:\/\/sequiol.es\/wp-content\/uploads\/2017\/05\/2017-reina-640x853.jpg\" alt=\"Estefan\u00eda Climent Moreno Reina 2017\" width=\"300\" height=\"400\" srcset=\"https:\/\/sequiol.es\/wp-content\/uploads\/2017\/05\/2017-reina-640x853.jpg 640w, https:\/\/sequiol.es\/wp-content\/uploads\/2017\/05\/2017-reina-200x267.jpg 200w, https:\/\/sequiol.es\/wp-content\/uploads\/2017\/05\/2017-reina-768x1024.jpg 768w, https:\/\/sequiol.es\/wp-content\/uploads\/2017\/05\/2017-reina.jpg 900w\" sizes=\"auto, (max-width: 300px) 100vw, 300px\" \/><\/a><p id=\"caption-attachment-34552\" class=\"wp-caption-text\">Estefan\u00eda Climent i Moreno<br \/>Reina 2017<\/p><\/div>\n<div id=\"attachment_2110\" style=\"width: 310px\" class=\"wp-caption alignleft\"><a class=\"fancybox\" title=\"Mar\u00eda L\u00f3pez i L\u00f3pez&lt;br \/&gt; Reina 2006\" href=\"http:\/\/sequiol.es\/wp-content\/uploads\/2014\/07\/2006-reina.jpg\" rel=\"reinas-damas\"><img loading=\"lazy\" decoding=\"async\" aria-describedby=\"caption-attachment-2110\" class=\"size-large wp-image-2111\" src=\"https:\/\/sequiol.es\/wp-content\/uploads\/2014\/07\/2006-reina-640x853.jpg\" alt=\"Mar\u00eda L\u00f3pez L\u00f3pez Reina 2006\" width=\"300\" height=\"400\" srcset=\"https:\/\/sequiol.es\/wp-content\/uploads\/2014\/07\/2006-reina-640x853.jpg 640w, https:\/\/sequiol.es\/wp-content\/uploads\/2014\/07\/2006-reina-200x266.jpg 200w, https:\/\/sequiol.es\/wp-content\/uploads\/2014\/07\/2006-reina.jpg 900w\" sizes=\"auto, (max-width: 300px) 100vw, 300px\" \/><\/a><p id=\"caption-attachment-2110\" class=\"wp-caption-text\">Mar\u00eda L\u00f3pez i L\u00f3pez<br \/>Reina 2006<\/p><\/div>\n<p>&nbsp;<\/p>\n<h2>Reines Infantils<\/h2>\n<div id=\"attachment_541\" style=\"width: 310px\" class=\"wp-caption alignleft\"><a class=\"fancybox\" title=\"Laura Turch i Benedito&lt;br \/&gt; Reina Infantil 2023\" href=\"https:\/\/sequiol.es\/wp-content\/uploads\/2023\/02\/foto-1-Alejandra-Saiez-i-Sisamoin-Reina-infantil-640x853.jpg\" rel=\"reinas-damas\"><img loading=\"lazy\" decoding=\"async\" aria-describedby=\"caption-attachment-541\" class=\"size-large wp-image-542\" src=\"https:\/\/sequiol.es\/wp-content\/uploads\/2023\/02\/foto-1-Alejandra-Saiez-i-Sisamoin-Reina-infantil-640x853.jpg\" alt=\"Alejandra Saez Sisamon - Reina Infantil 2023\" width=\"300\" height=\"400\" \/><\/a><p id=\"caption-attachment-541\" class=\"wp-caption-text\">Alejandra S\u00e1ez Sisam\u00f3n<br \/>Reina Infantil 2023<\/p><\/div>\n<div id=\"attachment_541\" style=\"width: 310px\" class=\"wp-caption alignleft\"><a class=\"fancybox\" title=\"Laura Turch i Benedito&lt;br \/&gt; Reina Infantil 2013\" href=\"http:\/\/sequiol.es\/wp-content\/uploads\/2014\/07\/2013-reina-infantil.jpg\" rel=\"reinas-damas\"><img loading=\"lazy\" decoding=\"async\" aria-describedby=\"caption-attachment-541\" class=\"size-large wp-image-542\" src=\"https:\/\/sequiol.es\/wp-content\/uploads\/2014\/07\/2013-reina-infantil-640x853.jpg\" alt=\"Laura Turch Benedito - Reina Infantil 2013\" width=\"300\" height=\"400\" srcset=\"https:\/\/sequiol.es\/wp-content\/uploads\/2014\/07\/2013-reina-infantil-640x853.jpg 640w, https:\/\/sequiol.es\/wp-content\/uploads\/2014\/07\/2013-reina-infantil-200x266.jpg 200w, https:\/\/sequiol.es\/wp-content\/uploads\/2014\/07\/2013-reina-infantil.jpg 900w\" sizes=\"auto, (max-width: 300px) 100vw, 300px\" \/><\/a><p id=\"caption-attachment-541\" class=\"wp-caption-text\">Laura Turch i Benedito<br \/>Reina Infantil 2013<\/p><\/div>\n<p>&nbsp;<\/p>\n<h2>Dames de la Ciutat<\/h2>\n<div id=\"attachment_88172\" style=\"width: 210px\" class=\"wp-caption alignleft caption-element\"><a class=\"fancybox\" title=\"\u00c0gueda Ibars Agramunt&lt;br&gt;Dama de la Ciudad 2020\" href=\"https:\/\/sequiol.es\/wp-content\/uploads\/2022\/02\/DRIVE-DAMAS.jpg\" rel=\"reinas-damas\"><img loading=\"lazy\" decoding=\"async\" aria-describedby=\"caption-attachment-88172\" src=\"https:\/\/sequiol.es\/wp-content\/uploads\/2022\/02\/DRIVE-DAMAS.jpg\" alt=\"\u00c0gueda Ibars Agramunt Dama de la Ciudad 2020\" width=\"200\" height=\"267\" class=\"size-medium wp-image-88174\" \/><\/a><p id=\"caption-attachment-88172\" class=\"wp-caption-text\">\u00c2gueda Ibars i Agramunt<br \/>Dama de la Ciutat 2020-2021-2022<\/p><\/div>\n<div id=\"attachment_88172\" style=\"width: 210px\" class=\"wp-caption alignleft caption-element\"><a class=\"fancybox\" title=\"Beatriz Belenguer Merc\u00e9&lt;br&gt;Dama de la Ciudad 2018\" href=\"https:\/\/sequiol.es\/wp-content\/uploads\/2019\/07\/2018-dama-ciudad.jpg\" rel=\"reinas-damas\"><img loading=\"lazy\" decoding=\"async\" aria-describedby=\"caption-attachment-88172\" src=\"https:\/\/sequiol.es\/wp-content\/uploads\/2019\/07\/2018-dama-ciudad-200x267.jpg\" alt=\"Beatriz Belenguer Merc\u00e9 Dama de la Ciudad 2018\" width=\"200\" height=\"267\" class=\"size-medium wp-image-88174\" srcset=\"https:\/\/sequiol.es\/wp-content\/uploads\/2019\/07\/2018-dama-ciudad-200x267.jpg 200w, https:\/\/sequiol.es\/wp-content\/uploads\/2019\/07\/2018-dama-ciudad-768x1024.jpg 768w, https:\/\/sequiol.es\/wp-content\/uploads\/2019\/07\/2018-dama-ciudad-640x853.jpg 640w, https:\/\/sequiol.es\/wp-content\/uploads\/2019\/07\/2018-dama-ciudad.jpg 900w\" sizes=\"auto, (max-width: 200px) 100vw, 200px\" \/><\/a><p id=\"caption-attachment-88172\" class=\"wp-caption-text\">Beatriz Belenguer i Merc\u00e9<br \/>Dama de la Ciutat 2018<\/p><\/div>\n<div id=\"attachment_22351\" style=\"width: 210px\" class=\"wp-caption alignleft caption-element\"><a class=\"fancybox\" title=\"Estefan\u00eda Climent Moreno&lt;br &gt;Dama de la Ciudad 2016\" href=\"http:\/\/sequiol.es\/wp-content\/uploads\/2016\/07\/2016-dama-ciudad.jpg\" rel=\"reinas-damas\"><img loading=\"lazy\" decoding=\"async\" aria-describedby=\"caption-attachment-22351\" class=\"size-medium wp-image-22352\" src=\"https:\/\/sequiol.es\/wp-content\/uploads\/2016\/07\/2016-dama-ciudad-200x267.jpg\" alt=\"Estefan\u00eda Climent Moreno Dama de la Ciudad 2016\" width=\"200\" height=\"267\" srcset=\"https:\/\/sequiol.es\/wp-content\/uploads\/2016\/07\/2016-dama-ciudad-200x267.jpg 200w, https:\/\/sequiol.es\/wp-content\/uploads\/2016\/07\/2016-dama-ciudad-768x1024.jpg 768w, https:\/\/sequiol.es\/wp-content\/uploads\/2016\/07\/2016-dama-ciudad-640x853.jpg 640w, https:\/\/sequiol.es\/wp-content\/uploads\/2016\/07\/2016-dama-ciudad.jpg 900w\" sizes=\"auto, (max-width: 200px) 100vw, 200px\" \/><\/a><p id=\"caption-attachment-22351\" class=\"wp-caption-text\">Estefan\u00eda Climent i Moreno<br \/>Dama de la Ciutat 2016<\/p><\/div>\n<div id=\"attachment_2698\" style=\"width: 210px\" class=\"wp-caption alignleft caption-element\"><a class=\"fancybox\" title=\"Araceli Moliner d'Ivernois&lt;br \/&gt;Dama de la Ciudad 2012\" href=\"http:\/\/sequiol.es\/wp-content\/uploads\/2014\/07\/2012-dama-ciudad.jpg\" rel=\"reinas-damas\"><img loading=\"lazy\" decoding=\"async\" aria-describedby=\"caption-attachment-2698\" class=\"size-medium wp-image-2699\" src=\"https:\/\/sequiol.es\/wp-content\/uploads\/2014\/07\/2012-dama-ciudad-200x266.jpg\" alt=\"Araceli Moliner d'Ivernois Dama de la Ciudad 2012\" width=\"200\" height=\"266\" srcset=\"https:\/\/sequiol.es\/wp-content\/uploads\/2014\/07\/2012-dama-ciudad-200x266.jpg 200w, https:\/\/sequiol.es\/wp-content\/uploads\/2014\/07\/2012-dama-ciudad-640x853.jpg 640w, https:\/\/sequiol.es\/wp-content\/uploads\/2014\/07\/2012-dama-ciudad.jpg 900w\" sizes=\"auto, (max-width: 200px) 100vw, 200px\" \/><\/a><p id=\"caption-attachment-2698\" class=\"wp-caption-text\">Araceli Moliner i d&#8217;Ivernois<br \/>Dama de la Ciutat 2012<\/p><\/div>\n<div id=\"attachment_3223\" style=\"width: 210px\" class=\"wp-caption alignleft caption-element\"><a class=\"fancybox\" title=\"Laura D\u00edaz Mart\u00ednez&lt;br \/&gt;Dama de la Ciudad 2010\" href=\"http:\/\/sequiol.es\/wp-content\/uploads\/2014\/07\/2010-dama-ciudad.jpg\" rel=\"reinas-damas\"><img loading=\"lazy\" decoding=\"async\" aria-describedby=\"caption-attachment-3223\" class=\"size-medium wp-image-3224\" src=\"https:\/\/sequiol.es\/wp-content\/uploads\/2014\/07\/2010-dama-ciudad-200x266.jpg\" alt=\"Laura D\u00edaz Mart\u00ednez Dama de la Ciudad 2010\" width=\"200\" height=\"266\" srcset=\"https:\/\/sequiol.es\/wp-content\/uploads\/2014\/07\/2010-dama-ciudad-200x266.jpg 200w, https:\/\/sequiol.es\/wp-content\/uploads\/2014\/07\/2010-dama-ciudad-640x853.jpg 640w, https:\/\/sequiol.es\/wp-content\/uploads\/2014\/07\/2010-dama-ciudad.jpg 900w\" sizes=\"auto, (max-width: 200px) 100vw, 200px\" \/><\/a><p id=\"caption-attachment-3223\" class=\"wp-caption-text\">Laura D\u00edaz i Mart\u00ednez<br \/>Dama de la Ciutat 2010<\/p><\/div>\n<div id=\"attachment_2157\" style=\"width: 210px\" class=\"wp-caption alignleft caption-element\"><a class=\"fancybox\" title=\"Mar\u00eda L\u00f3pez L\u00f3pez&lt;br \/&gt;Dama de la Ciudad 2005\" href=\"http:\/\/sequiol.es\/wp-content\/uploads\/2014\/07\/2005-dama-ciudad.jpg\" rel=\"reinas-damas\"><img loading=\"lazy\" decoding=\"async\" aria-describedby=\"caption-attachment-2157\" class=\"size-medium wp-image-2158\" src=\"https:\/\/sequiol.es\/wp-content\/uploads\/2014\/07\/2005-dama-ciudad-200x266.jpg\" alt=\"Mar\u00eda L\u00f3pez L\u00f3pez Dama de la Ciudad 2005\" width=\"200\" height=\"266\" srcset=\"https:\/\/sequiol.es\/wp-content\/uploads\/2014\/07\/2005-dama-ciudad-200x266.jpg 200w, https:\/\/sequiol.es\/wp-content\/uploads\/2014\/07\/2005-dama-ciudad-640x853.jpg 640w, https:\/\/sequiol.es\/wp-content\/uploads\/2014\/07\/2005-dama-ciudad.jpg 900w\" sizes=\"auto, (max-width: 200px) 100vw, 200px\" \/><\/a><p id=\"caption-attachment-2157\" class=\"wp-caption-text\">Mar\u00eda L\u00f3pez i L\u00f3pez<br \/>Dama de la Ciutat 2005<\/p><\/div>\n<div id=\"attachment_2143\" style=\"width: 210px\" class=\"wp-caption alignleft caption-element\"><a class=\"fancybox\" title=\"Sara D\u00edaz Mart\u00ednez&lt;br \/&gt;Dama de la Ciudad 2003\" href=\"http:\/\/sequiol.es\/wp-content\/uploads\/2014\/07\/2003-dama-ciudad1.jpg\" rel=\"reinas-damas\"><img loading=\"lazy\" decoding=\"async\" aria-describedby=\"caption-attachment-2143\" class=\"size-medium wp-image-2144\" src=\"https:\/\/sequiol.es\/wp-content\/uploads\/2014\/07\/2003-dama-ciudad1-200x266.jpg\" alt=\"Sara D\u00edaz Mart\u00ednez Dama de la Ciudad 2003\" width=\"200\" height=\"266\" srcset=\"https:\/\/sequiol.es\/wp-content\/uploads\/2014\/07\/2003-dama-ciudad1-200x266.jpg 200w, https:\/\/sequiol.es\/wp-content\/uploads\/2014\/07\/2003-dama-ciudad1-640x853.jpg 640w, https:\/\/sequiol.es\/wp-content\/uploads\/2014\/07\/2003-dama-ciudad1.jpg 900w\" sizes=\"auto, (max-width: 200px) 100vw, 200px\" \/><\/a><p id=\"caption-attachment-2143\" class=\"wp-caption-text\">Sara D\u00edaz i Mart\u00ednez<br \/>Dama de la Ciudad 2003<\/p><\/div>\n<div id=\"attachment_1659\" style=\"width: 210px\" class=\"wp-caption alignleft caption-element\"><a class=\"fancybox\" title=\"Beatriz Torres Vidal&lt;br \/&gt;Dama de la Ciudad 2001\" href=\"http:\/\/sequiol.es\/wp-content\/uploads\/2014\/07\/1999-madrina.jpg\" rel=\"reinas-damas\"><img loading=\"lazy\" decoding=\"async\" aria-describedby=\"caption-attachment-1659\" class=\"size-medium wp-image-1660\" src=\"https:\/\/sequiol.es\/wp-content\/uploads\/2014\/07\/1999-madrina-200x266.jpg\" alt=\"Beatriz Torres Vidal - Dama de la Ciudad 2001\" width=\"200\" height=\"266\" srcset=\"https:\/\/sequiol.es\/wp-content\/uploads\/2014\/07\/1999-madrina-200x266.jpg 200w, https:\/\/sequiol.es\/wp-content\/uploads\/2014\/07\/1999-madrina-640x853.jpg 640w, https:\/\/sequiol.es\/wp-content\/uploads\/2014\/07\/1999-madrina.jpg 900w\" sizes=\"auto, (max-width: 200px) 100vw, 200px\" \/><\/a><p id=\"caption-attachment-1659\" class=\"wp-caption-text\">Beatriz Torres i Vidal<br \/>Dama de la Ciutat 2001<\/p><\/div>\n<div id=\"attachment_2127\" style=\"width: 210px\" class=\"wp-caption alignleft caption-element\"><a class=\"fancybox\" title=\"Chelo Asencio Monroig&lt;br \/&gt;Dama de la Ciudad 1997\" href=\"http:\/\/sequiol.es\/wp-content\/uploads\/2014\/07\/1997-dama-ciudad.jpg\" rel=\"reinas-damas\"><img loading=\"lazy\" decoding=\"async\" aria-describedby=\"caption-attachment-2127\" class=\"size-medium wp-image-2128\" src=\"https:\/\/sequiol.es\/wp-content\/uploads\/2014\/07\/1997-dama-ciudad-200x266.jpg\" alt=\"Chelo Asencio Monroig Dama de la Ciudad 1997\" width=\"200\" height=\"266\" srcset=\"https:\/\/sequiol.es\/wp-content\/uploads\/2014\/07\/1997-dama-ciudad-200x266.jpg 200w, https:\/\/sequiol.es\/wp-content\/uploads\/2014\/07\/1997-dama-ciudad-640x853.jpg 640w, https:\/\/sequiol.es\/wp-content\/uploads\/2014\/07\/1997-dama-ciudad.jpg 900w\" sizes=\"auto, (max-width: 200px) 100vw, 200px\" \/><\/a><p id=\"caption-attachment-2127\" class=\"wp-caption-text\">Chelo Asencio i Monroig<br \/>Dama de la Ciutat 1997<\/p><\/div>\n<div id=\"attachment_2122\" style=\"width: 210px\" class=\"wp-caption alignleft caption-element\"><a class=\"fancybox\" title=\"M\u00aa Jos\u00e9 Vinaixa Gasc\u00f3n&lt;br \/&gt;Dama de la Ciudad 1996\" href=\"http:\/\/sequiol.es\/wp-content\/uploads\/2014\/07\/1996-dama-ciudad.jpg\" rel=\"reinas-damas\"><img loading=\"lazy\" decoding=\"async\" aria-describedby=\"caption-attachment-2122\" class=\"size-medium wp-image-2123\" src=\"https:\/\/sequiol.es\/wp-content\/uploads\/2014\/07\/1996-dama-ciudad-200x266.jpg\" alt=\"M\u00aa Jos\u00e9 Vinaixa Gasc\u00f3n Dama de la Ciudad 1996\" width=\"200\" height=\"266\" srcset=\"https:\/\/sequiol.es\/wp-content\/uploads\/2014\/07\/1996-dama-ciudad-200x266.jpg 200w, https:\/\/sequiol.es\/wp-content\/uploads\/2014\/07\/1996-dama-ciudad-640x853.jpg 640w, https:\/\/sequiol.es\/wp-content\/uploads\/2014\/07\/1996-dama-ciudad.jpg 900w\" sizes=\"auto, (max-width: 200px) 100vw, 200px\" \/><\/a><p id=\"caption-attachment-2122\" class=\"wp-caption-text\">M\u00aa Jos\u00e9 Vinaixa i Gasc\u00f3n<br \/>Dama de la Ciutat 1996<\/p><\/div>\n<div id=\"attachment_330\" style=\"width: 210px\" class=\"wp-caption alignleft caption-element\"><a class=\"fancybox\" title=\"Silvia Mas Mezquita&lt;br \/&gt;Dama de la Ciudad 1983\" href=\"http:\/\/sequiol.es\/wp-content\/uploads\/2014\/07\/1982-madrina.jpg\" rel=\"reinas-damas\"><img loading=\"lazy\" decoding=\"async\" aria-describedby=\"caption-attachment-330\" class=\"size-medium wp-image-331\" src=\"https:\/\/sequiol.es\/wp-content\/uploads\/2014\/07\/1982-madrina-200x266.jpg\" alt=\"1982 - Silvia Mas Mezquita\" width=\"200\" height=\"266\" srcset=\"https:\/\/sequiol.es\/wp-content\/uploads\/2014\/07\/1982-madrina-200x266.jpg 200w, https:\/\/sequiol.es\/wp-content\/uploads\/2014\/07\/1982-madrina-640x853.jpg 640w, https:\/\/sequiol.es\/wp-content\/uploads\/2014\/07\/1982-madrina.jpg 900w\" sizes=\"auto, (max-width: 200px) 100vw, 200px\" \/><\/a><p id=\"caption-attachment-330\" class=\"wp-caption-text\">Silvia Mas i Mezquita<br \/>Dama de la Ciutat 1983<\/p><\/div>\n<p>&nbsp;<\/p>\n<h2>Dames Infantils de la Ciutat<\/h2>\n<div id=\"attachment_88178\" style=\"width: 210px\" class=\"wp-caption alignleft caption-element\"><a class=\"fancybox\" title=\"Nagore Garc\u00eda Miravet&lt;br &gt;Dama Infantil de la Ciudad 2019\" href=\"https:\/\/sequiol.es\/wp-content\/uploads\/2019\/07\/2019-dama-infantil.jpg\" rel=\"reinas-damas\"><img loading=\"lazy\" decoding=\"async\" aria-describedby=\"caption-attachment-88178\" src=\"https:\/\/sequiol.es\/wp-content\/uploads\/2019\/07\/2019-dama-infantil-200x267.jpg\" alt=\"Nagore Garc\u00eda Miravet Dama Infantil de la Ciudad 2019\" width=\"200\" height=\"267\" class=\"size-medium wp-image-88180\" srcset=\"https:\/\/sequiol.es\/wp-content\/uploads\/2019\/07\/2019-dama-infantil-200x267.jpg 200w, https:\/\/sequiol.es\/wp-content\/uploads\/2019\/07\/2019-dama-infantil-768x1024.jpg 768w, https:\/\/sequiol.es\/wp-content\/uploads\/2019\/07\/2019-dama-infantil-640x853.jpg 640w, https:\/\/sequiol.es\/wp-content\/uploads\/2019\/07\/2019-dama-infantil.jpg 900w\" sizes=\"auto, (max-width: 200px) 100vw, 200px\" \/><\/a><p id=\"caption-attachment-88178\" class=\"wp-caption-text\">Nagore Garc\u00eda i Miravet<br \/>Dama Infantil de la Ciutat 2019<\/p><\/div>\n<div id=\"attachment_22353\" style=\"width: 210px\" class=\"wp-caption alignleft caption-element\"><a class=\"fancybox\" title=\"Mar\u00eda Collados Marz\u00e1&lt;br &gt;Dama Infantil de la Ciudad 2016\" href=\"http:\/\/sequiol.es\/wp-content\/uploads\/2016\/07\/2016-dama-infantil-ciudad.jpg\" rel=\"reinas-damas\"><img loading=\"lazy\" decoding=\"async\" aria-describedby=\"caption-attachment-22353\" class=\"size-medium wp-image-22354\" src=\"https:\/\/sequiol.es\/wp-content\/uploads\/2016\/07\/2016-dama-infantil-ciudad-200x267.jpg\" alt=\"Mar\u00eda Collados Marz\u00e1 Dama Infantil de la Ciudad 2016\" width=\"200\" height=\"267\" srcset=\"https:\/\/sequiol.es\/wp-content\/uploads\/2016\/07\/2016-dama-infantil-ciudad-200x267.jpg 200w, https:\/\/sequiol.es\/wp-content\/uploads\/2016\/07\/2016-dama-infantil-ciudad-768x1024.jpg 768w, https:\/\/sequiol.es\/wp-content\/uploads\/2016\/07\/2016-dama-infantil-ciudad-640x853.jpg 640w, https:\/\/sequiol.es\/wp-content\/uploads\/2016\/07\/2016-dama-infantil-ciudad.jpg 900w\" sizes=\"auto, (max-width: 200px) 100vw, 200px\" \/><\/a><p id=\"caption-attachment-22353\" class=\"wp-caption-text\">Mar\u00eda Collados i Marz\u00e1<br \/>Dama Infantil de la Ciutat 2016<\/p><\/div>\n<div id=\"attachment_3105\" style=\"width: 210px\" class=\"wp-caption alignleft caption-element\"><a class=\"fancybox\" title=\"Mar\u00eda Voltes Us\u00f3&lt;br \/&gt;Dama Infantil de la Ciudad 2014\" href=\"http:\/\/sequiol.es\/wp-content\/uploads\/2014\/07\/2014-dama-ciudad-infantil.jpg\" rel=\"reinas-damas\"><img loading=\"lazy\" decoding=\"async\" aria-describedby=\"caption-attachment-3105\" class=\"size-medium wp-image-3106\" src=\"https:\/\/sequiol.es\/wp-content\/uploads\/2014\/07\/2014-dama-ciudad-infantil-200x266.jpg\" alt=\"Mar\u00eda Voltes Us\u00f3 Dama Infantil de la Ciudad 2014\" width=\"200\" height=\"266\" srcset=\"https:\/\/sequiol.es\/wp-content\/uploads\/2014\/07\/2014-dama-ciudad-infantil-200x266.jpg 200w, https:\/\/sequiol.es\/wp-content\/uploads\/2014\/07\/2014-dama-ciudad-infantil-640x853.jpg 640w, https:\/\/sequiol.es\/wp-content\/uploads\/2014\/07\/2014-dama-ciudad-infantil.jpg 900w\" sizes=\"auto, (max-width: 200px) 100vw, 200px\" \/><\/a><p id=\"caption-attachment-3105\" class=\"wp-caption-text\">Mar\u00eda Voltes i Us\u00f3<br \/>Dama Infantil de la Ciudad 2014<\/p><\/div>\n<div id=\"attachment_3225\" style=\"width: 210px\" class=\"wp-caption alignleft caption-element\"><a class=\"fancybox\" title=\"Lourdes M\u00aa Climent Moreno&lt;br \/&gt;Dama de la Ciudad 2011\" href=\"http:\/\/sequiol.es\/wp-content\/uploads\/2014\/07\/2011-dama-ciudad-infantil.jpg\" rel=\"reinas-damas\"><img loading=\"lazy\" decoding=\"async\" aria-describedby=\"caption-attachment-3225\" class=\"size-medium wp-image-3226\" src=\"https:\/\/sequiol.es\/wp-content\/uploads\/2014\/07\/2011-dama-ciudad-infantil-200x266.jpg\" alt=\"Lourdes M\u00aa Climent Moreno Dama Infantil de la Ciudad 2011\" width=\"200\" height=\"266\" srcset=\"https:\/\/sequiol.es\/wp-content\/uploads\/2014\/07\/2011-dama-ciudad-infantil-200x266.jpg 200w, https:\/\/sequiol.es\/wp-content\/uploads\/2014\/07\/2011-dama-ciudad-infantil-640x853.jpg 640w, https:\/\/sequiol.es\/wp-content\/uploads\/2014\/07\/2011-dama-ciudad-infantil.jpg 900w\" sizes=\"auto, (max-width: 200px) 100vw, 200px\" \/><\/a><p id=\"caption-attachment-3225\" class=\"wp-caption-text\">Lourdes M\u00aa Climent i Moreno<br \/>Dama Infantil de la Ciutat 2011<\/p><\/div>\n<div id=\"attachment_3227\" style=\"width: 210px\" class=\"wp-caption alignleft caption-element\"><a class=\"fancybox\" title=\"Anna Turch Benedito&lt;br \/&gt;Dama Infantil de la Ciudad 2010\" href=\"http:\/\/sequiol.es\/wp-content\/uploads\/2014\/07\/2010-dama-ciudad-infantil-2.jpg\" rel=\"reinas-damas\"><img loading=\"lazy\" decoding=\"async\" aria-describedby=\"caption-attachment-3227\" class=\"size-medium wp-image-3228\" src=\"https:\/\/sequiol.es\/wp-content\/uploads\/2014\/07\/2010-dama-ciudad-infantil-2-200x266.jpg\" alt=\"Anna Turch Benedito Dama Infantil de la Ciudad 2010\" width=\"200\" height=\"266\" srcset=\"https:\/\/sequiol.es\/wp-content\/uploads\/2014\/07\/2010-dama-ciudad-infantil-2-200x266.jpg 200w, https:\/\/sequiol.es\/wp-content\/uploads\/2014\/07\/2010-dama-ciudad-infantil-2-640x853.jpg 640w, https:\/\/sequiol.es\/wp-content\/uploads\/2014\/07\/2010-dama-ciudad-infantil-2.jpg 900w\" sizes=\"auto, (max-width: 200px) 100vw, 200px\" \/><\/a><p id=\"caption-attachment-3227\" class=\"wp-caption-text\">Anna Turch i Benedito<br \/>Dama Infantil de la Ciutat 2010<\/p><\/div>\n<div id=\"attachment_3107\" style=\"width: 210px\" class=\"wp-caption alignleft caption-element\"><a class=\"fancybox\" title=\"Laia Collados Marz\u00e1&lt;br \/&gt;Dama Infantil de la Ciudad 2009\" href=\"http:\/\/sequiol.es\/wp-content\/uploads\/2014\/07\/2009-dama-ciudad-infantil.jpg\" rel=\"reinas-damas\"><img loading=\"lazy\" decoding=\"async\" aria-describedby=\"caption-attachment-3107\" class=\"size-medium wp-image-3108\" src=\"https:\/\/sequiol.es\/wp-content\/uploads\/2014\/07\/2009-dama-ciudad-infantil-200x266.jpg\" alt=\"Laia Collados Marz\u00e1 Dama Infantil de la Ciudad 2009\" width=\"200\" height=\"266\" srcset=\"https:\/\/sequiol.es\/wp-content\/uploads\/2014\/07\/2009-dama-ciudad-infantil-200x266.jpg 200w, https:\/\/sequiol.es\/wp-content\/uploads\/2014\/07\/2009-dama-ciudad-infantil-640x853.jpg 640w, https:\/\/sequiol.es\/wp-content\/uploads\/2014\/07\/2009-dama-ciudad-infantil.jpg 900w\" sizes=\"auto, (max-width: 200px) 100vw, 200px\" \/><\/a><p id=\"caption-attachment-3107\" class=\"wp-caption-text\">Laia Collados i Marz\u00e1<br \/>Dama Infantil de la Ciutat 2009<\/p><\/div>\n<div id=\"attachment_2694\" style=\"width: 210px\" class=\"wp-caption alignleft caption-element\"><a class=\"fancybox\" title=\"Beatriz Belenguer Merc\u00e9&lt;br \/&gt;Dama Infantil de la Ciudad 2007\" href=\"http:\/\/sequiol.es\/wp-content\/uploads\/2014\/07\/2007-dama-ciudad-infantil.jpg\" rel=\"reinas-damas\"><img loading=\"lazy\" decoding=\"async\" aria-describedby=\"caption-attachment-2694\" class=\"size-medium wp-image-2695\" src=\"https:\/\/sequiol.es\/wp-content\/uploads\/2014\/07\/2007-dama-ciudad-infantil-200x266.jpg\" alt=\"2007 - Beatriz Belenguer Merc\u00e9\" width=\"200\" height=\"266\" srcset=\"https:\/\/sequiol.es\/wp-content\/uploads\/2014\/07\/2007-dama-ciudad-infantil-200x266.jpg 200w, https:\/\/sequiol.es\/wp-content\/uploads\/2014\/07\/2007-dama-ciudad-infantil-640x853.jpg 640w, https:\/\/sequiol.es\/wp-content\/uploads\/2014\/07\/2007-dama-ciudad-infantil.jpg 900w\" sizes=\"auto, (max-width: 200px) 100vw, 200px\" \/><\/a><p id=\"caption-attachment-2694\" class=\"wp-caption-text\">Beatriz Belenguer i Merc\u00e9<br \/>Dama Infantil de la Ciutat 2007<\/p><\/div>\n<div id=\"attachment_2155\" style=\"width: 210px\" class=\"wp-caption alignleft caption-element\"><a class=\"fancybox\" title=\"Carmen Sales Navarro&lt;br \/&gt;Dama Infantil de la Ciudad 2005\" href=\"http:\/\/sequiol.es\/wp-content\/uploads\/2014\/07\/2005-dama-ciudad-infantil1.jpg\" rel=\"reinas-damas\"><img loading=\"lazy\" decoding=\"async\" aria-describedby=\"caption-attachment-2155\" class=\"size-medium wp-image-2156\" src=\"https:\/\/sequiol.es\/wp-content\/uploads\/2014\/07\/2005-dama-ciudad-infantil1-200x266.jpg\" alt=\"Carmen Sales Navarro Dama Infantil de la Ciudad 2005\" width=\"200\" height=\"266\" srcset=\"https:\/\/sequiol.es\/wp-content\/uploads\/2014\/07\/2005-dama-ciudad-infantil1-200x266.jpg 200w, https:\/\/sequiol.es\/wp-content\/uploads\/2014\/07\/2005-dama-ciudad-infantil1-640x853.jpg 640w, https:\/\/sequiol.es\/wp-content\/uploads\/2014\/07\/2005-dama-ciudad-infantil1.jpg 900w\" sizes=\"auto, (max-width: 200px) 100vw, 200px\" \/><\/a><p id=\"caption-attachment-2155\" class=\"wp-caption-text\">Carmen Sales i Navarro<br \/>Dama Infantil de la Ciutat 2005<\/p><\/div>\n<div id=\"attachment_2150\" style=\"width: 210px\" class=\"wp-caption alignleft caption-element\"><a class=\"fancybox\" title=\"Andrea Estrada Torres&lt;br \/&gt;Dama Infantil de la Ciudad 2004\" href=\"http:\/\/sequiol.es\/wp-content\/uploads\/2014\/07\/2004-dama-ciudad-infantil1.jpg\" rel=\"reinas-damas\"><img loading=\"lazy\" decoding=\"async\" aria-describedby=\"caption-attachment-2150\" class=\"size-medium wp-image-2151\" src=\"https:\/\/sequiol.es\/wp-content\/uploads\/2014\/07\/2004-dama-ciudad-infantil1-200x266.jpg\" alt=\"Andrea Estrada Torres Dama Infantil de la Ciudad 2004\" width=\"200\" height=\"266\" srcset=\"https:\/\/sequiol.es\/wp-content\/uploads\/2014\/07\/2004-dama-ciudad-infantil1-200x266.jpg 200w, https:\/\/sequiol.es\/wp-content\/uploads\/2014\/07\/2004-dama-ciudad-infantil1-640x853.jpg 640w, https:\/\/sequiol.es\/wp-content\/uploads\/2014\/07\/2004-dama-ciudad-infantil1.jpg 900w\" sizes=\"auto, (max-width: 200px) 100vw, 200px\" \/><\/a><p id=\"caption-attachment-2150\" class=\"wp-caption-text\">Andrea Estrada i Torres<br \/>Dama Infantil de la Ciutat 2004<\/p><\/div>\n<div id=\"attachment_2145\" style=\"width: 210px\" class=\"wp-caption alignleft caption-element\"><a class=\"fancybox\" title=\"Araceli Moliner d'Ivernois&lt;br \/&gt;Dama Infantil de la Ciudad 2003\" href=\"http:\/\/sequiol.es\/wp-content\/uploads\/2014\/07\/2003-dama-ciudad-infantil1.jpg\" rel=\"reinas-damas\"><img loading=\"lazy\" decoding=\"async\" aria-describedby=\"caption-attachment-2145\" class=\"size-medium wp-image-2146\" src=\"https:\/\/sequiol.es\/wp-content\/uploads\/2014\/07\/2003-dama-ciudad-infantil1-200x266.jpg\" alt=\"Araceli Moliner d'Ivernois Dama Infantil de la Ciudad 2003\" width=\"200\" height=\"266\" srcset=\"https:\/\/sequiol.es\/wp-content\/uploads\/2014\/07\/2003-dama-ciudad-infantil1-200x266.jpg 200w, https:\/\/sequiol.es\/wp-content\/uploads\/2014\/07\/2003-dama-ciudad-infantil1-640x853.jpg 640w, https:\/\/sequiol.es\/wp-content\/uploads\/2014\/07\/2003-dama-ciudad-infantil1.jpg 900w\" sizes=\"auto, (max-width: 200px) 100vw, 200px\" \/><\/a><p id=\"caption-attachment-2145\" class=\"wp-caption-text\">Araceli Moliner i d&#8217;Ivernois<br \/>Dama Infantil de la Ciutat 2003<\/p><\/div>\n<div id=\"attachment_2134\" style=\"width: 210px\" class=\"wp-caption alignleft caption-element\"><a class=\"fancybox\" title=\"Ainhoa Orozco P\u00e9rez&lt;br \/&gt;Dama Infantil de la Ciudad 1999\" href=\"http:\/\/sequiol.es\/wp-content\/uploads\/2014\/07\/1999-dama-ciudad-infantil1.jpg\" rel=\"reinas-damas\"><img loading=\"lazy\" decoding=\"async\" aria-describedby=\"caption-attachment-2134\" class=\"size-medium wp-image-2135\" src=\"https:\/\/sequiol.es\/wp-content\/uploads\/2014\/07\/1999-dama-ciudad-infantil1-200x266.jpg\" alt=\"Ainhoa Orozco P\u00e9rez Dama Infantil de la Ciudad 1999\" width=\"200\" height=\"266\" srcset=\"https:\/\/sequiol.es\/wp-content\/uploads\/2014\/07\/1999-dama-ciudad-infantil1-200x266.jpg 200w, https:\/\/sequiol.es\/wp-content\/uploads\/2014\/07\/1999-dama-ciudad-infantil1-640x853.jpg 640w, https:\/\/sequiol.es\/wp-content\/uploads\/2014\/07\/1999-dama-ciudad-infantil1.jpg 900w\" sizes=\"auto, (max-width: 200px) 100vw, 200px\" \/><\/a><p id=\"caption-attachment-2134\" class=\"wp-caption-text\">Ainhoa Orozco i P\u00e9rez<br \/>Dama Infantil de la Ciutat 1999<\/p><\/div>\n<div id=\"attachment_2125\" style=\"width: 210px\" class=\"wp-caption alignleft caption-element\"><a class=\"fancybox\" title=\"Mar\u00eda L\u00f3pez L\u00f3pez&lt;br \/&gt;Dama Infantil de la Ciudad 1997\" href=\"http:\/\/sequiol.es\/wp-content\/uploads\/2014\/07\/1997-dama-ciudad-infantil.jpg\" rel=\"reinas-damas\"><img loading=\"lazy\" decoding=\"async\" aria-describedby=\"caption-attachment-2125\" class=\"size-medium wp-image-2126\" src=\"https:\/\/sequiol.es\/wp-content\/uploads\/2014\/07\/1997-dama-ciudad-infantil-200x266.jpg\" alt=\"Mar\u00eda L\u00f3pez L\u00f3pez Dama Infantil de la Ciudad 1997\" width=\"200\" height=\"266\" srcset=\"https:\/\/sequiol.es\/wp-content\/uploads\/2014\/07\/1997-dama-ciudad-infantil-200x266.jpg 200w, https:\/\/sequiol.es\/wp-content\/uploads\/2014\/07\/1997-dama-ciudad-infantil-640x853.jpg 640w, https:\/\/sequiol.es\/wp-content\/uploads\/2014\/07\/1997-dama-ciudad-infantil.jpg 900w\" sizes=\"auto, (max-width: 200px) 100vw, 200px\" \/><\/a><p id=\"caption-attachment-2125\" class=\"wp-caption-text\">Mar\u00eda L\u00f3pez i L\u00f3pez<br \/>Dama Infantil de la Ciutat 1997<\/p><\/div>\n<div id=\"attachment_2119\" style=\"width: 210px\" class=\"wp-caption alignleft caption-element\"><a class=\"fancybox\" title=\"Esther Herv\u00e1s Garc\u00eda&lt;br \/&gt;Dama Infantil de la Ciudad 1995\" href=\"http:\/\/sequiol.es\/wp-content\/uploads\/2014\/07\/1995-dama-ciudad-infantil.jpg\" rel=\"reinas-damas\"><img loading=\"lazy\" decoding=\"async\" aria-describedby=\"caption-attachment-2119\" class=\"size-medium wp-image-2120\" src=\"https:\/\/sequiol.es\/wp-content\/uploads\/2014\/07\/1995-dama-ciudad-infantil-200x266.jpg\" alt=\"Esther Herv\u00e1s Garc\u00eda Dama Infantil de la Ciudad 1995\" width=\"200\" height=\"266\" srcset=\"https:\/\/sequiol.es\/wp-content\/uploads\/2014\/07\/1995-dama-ciudad-infantil-200x266.jpg 200w, https:\/\/sequiol.es\/wp-content\/uploads\/2014\/07\/1995-dama-ciudad-infantil-640x853.jpg 640w, https:\/\/sequiol.es\/wp-content\/uploads\/2014\/07\/1995-dama-ciudad-infantil.jpg 900w\" sizes=\"auto, (max-width: 200px) 100vw, 200px\" \/><\/a><p id=\"caption-attachment-2119\" class=\"wp-caption-text\">Esther Herv\u00e1s i Garc\u00eda<br \/>Dama Infantil de la Ciutat 1995<\/p><\/div>\n<div id=\"attachment_537\" style=\"width: 210px\" class=\"wp-caption alignleft caption-element\"><a class=\"fancybox\" title=\"Zoraida Mart\u00ednez Rubio&lt;br \/&gt;Dama Infantil de la Ciudad 1989\" href=\"http:\/\/sequiol.es\/wp-content\/uploads\/2014\/07\/1989-dama-ciudad-infantil.jpg\" rel=\"reinas-damas\"><img loading=\"lazy\" decoding=\"async\" aria-describedby=\"caption-attachment-537\" class=\"size-medium wp-image-538\" src=\"https:\/\/sequiol.es\/wp-content\/uploads\/2014\/07\/1989-dama-ciudad-infantil-200x266.jpg\" alt=\"Zoraida Mart\u00ednez Rubio - Dama de la Ciudad Infantil 1989\" width=\"200\" height=\"266\" srcset=\"https:\/\/sequiol.es\/wp-content\/uploads\/2014\/07\/1989-dama-ciudad-infantil-200x266.jpg 200w, https:\/\/sequiol.es\/wp-content\/uploads\/2014\/07\/1989-dama-ciudad-infantil-640x853.jpg 640w, https:\/\/sequiol.es\/wp-content\/uploads\/2014\/07\/1989-dama-ciudad-infantil.jpg 900w\" sizes=\"auto, (max-width: 200px) 100vw, 200px\" \/><\/a><p id=\"caption-attachment-537\" class=\"wp-caption-text\">Zoraida Mart\u00ednez i Rubio<br \/>Dama Infantil de la Ciutat 1989<\/p><\/div>\n<div id=\"attachment_2114\" style=\"width: 210px\" class=\"wp-caption alignleft caption-element\"><a class=\"fancybox\" title=\"Yolanda Galaso Fern\u00e1ndez&lt;br \/&gt;Dama Infantil de la Ciudad 1989\" href=\"http:\/\/sequiol.es\/wp-content\/uploads\/2014\/07\/1989-dama-ciudad-infantil-yolanda.jpg\" rel=\"reinas-damas\"><img loading=\"lazy\" decoding=\"async\" aria-describedby=\"caption-attachment-2114\" class=\"size-medium wp-image-2115\" src=\"https:\/\/sequiol.es\/wp-content\/uploads\/2014\/07\/1989-dama-ciudad-infantil-yolanda-200x266.jpg\" alt=\"Yolanda Galaso Fern\u00e1ndez - Dama Infantil de la Ciudad 1989\" width=\"200\" height=\"266\" srcset=\"https:\/\/sequiol.es\/wp-content\/uploads\/2014\/07\/1989-dama-ciudad-infantil-yolanda-200x266.jpg 200w, https:\/\/sequiol.es\/wp-content\/uploads\/2014\/07\/1989-dama-ciudad-infantil-yolanda-640x853.jpg 640w, https:\/\/sequiol.es\/wp-content\/uploads\/2014\/07\/1989-dama-ciudad-infantil-yolanda.jpg 900w\" sizes=\"auto, (max-width: 200px) 100vw, 200px\" \/><\/a><p id=\"caption-attachment-2114\" class=\"wp-caption-text\">Yolanda Galaso i Fern\u00e1ndez<br \/>Dama Infantil de la Ciutat 1989<\/p><\/div>\n","protected":false},"excerpt":{"rendered":"<p>Reines &nbsp; Reines Infantils &nbsp; Dames de la Ciutat &nbsp; Dames Infantils de la Ciutat<\/p>\n","protected":false},"author":1,"featured_media":0,"parent":12669,"menu_order":2,"comment_status":"closed","ping_status":"closed","template":"","meta":{"footnotes":""},"class_list":["post-62","page","type-page","status-publish","hentry"],"_links":{"self":[{"href":"https:\/\/sequiol.es\/vl\/wp-json\/wp\/v2\/pages\/62","targetHints":{"allow":["GET"]}}],"collection":[{"href":"https:\/\/sequiol.es\/vl\/wp-json\/wp\/v2\/pages"}],"about":[{"href":"https:\/\/sequiol.es\/vl\/wp-json\/wp\/v2\/types\/page"}],"author":[{"embeddable":true,"href":"https:\/\/sequiol.es\/vl\/wp-json\/wp\/v2\/users\/1"}],"replies":[{"embeddable":true,"href":"https:\/\/sequiol.es\/vl\/wp-json\/wp\/v2\/comments?post=62"}],"version-history":[{"count":15,"href":"https:\/\/sequiol.es\/vl\/wp-json\/wp\/v2\/pages\/62\/revisions"}],"predecessor-version":[{"id":114612,"href":"https:\/\/sequiol.es\/vl\/wp-json\/wp\/v2\/pages\/62\/revisions\/114612"}],"up":[{"embeddable":true,"href":"https:\/\/sequiol.es\/vl\/wp-json\/wp\/v2\/pages\/12669"}],"wp:attachment":[{"href":"https:\/\/sequiol.es\/vl\/wp-json\/wp\/v2\/media?parent=62"}],"curies":[{"name":"wp","href":"https:\/\/api.w.org\/{rel}","templated":true}]}}