{"id":12728,"date":"2014-07-14T19:20:34","date_gmt":"2014-07-14T17:20:34","guid":{"rendered":"http:\/\/sequiol.es\/vl\/?page_id=12728"},"modified":"2015-08-23T00:27:45","modified_gmt":"2015-08-22T22:27:45","slug":"activitats","status":"publish","type":"page","link":"https:\/\/sequiol.es\/vl\/activitats\/","title":{"rendered":"Activitats"},"content":{"rendered":"<h2>Escola i\u00a0secci\u00f3 de Dol\u00e7aina i Tabal<\/h2>\n<p><span style=\"line-height: 1.5;\">Cada dissabte al mat\u00ed, d&#8217;octubre a maig, des d&#8217;aquest curs en una aula cedida amablement per l&#8217;Associaci\u00f3 &#8220;Verge de Lledo&#8221; i sota la batuta i les ordres del polifac\u00e8tic i professor de Dol\u00e7aiana i Tabal, Domingo, s&#8217;imparteixen les classes de aquests instruments tan t\u00edpics de la nostra terra i en el qual tenen cabuda tots aquells que tinguin il\u00b7lusi\u00f3 i ganes d&#8217;aprendre o consolidar-se en la interpretaci\u00f3 dels mateixos. Despr\u00e9s, hi ha la secci\u00f3, la part d&#8217;aquesta activitat destinada a participar en desfilades, trobades o aplecs o all\u00e0 on es requereix la nostra pres\u00e8ncia Any rere any, l&#8217;escola de Dol\u00e7aina i Tabal, va donant els seus fruits, s\u00f3n alguns socis els que cada dissabte es posen sota les ordres de Domingo per aprendre el maneig d&#8217;aquests instruments tan nostres, per\u00f2 ens cal m\u00e9s gent interessada en gaudir d&#8217;aquesta activitat cultural-musical, per aix\u00f2, des d&#8217;aquestes l\u00ednies, volem aprofitar l&#8217;ocasi\u00f3 per llan\u00e7ar una crida per afermar una de les activitats que la gaiata Sequiol posa al servei dels socis.<\/span><\/p>\n<h2><span style=\"line-height: 1.5;\">Futbol sala<\/span><\/h2>\n<p>I arribem a l&#8217;activitat m\u00e9s esportiva, el futbol sala perqu\u00e8 la gaiata 15, compta amb un equip de futbol sala que participa, des de fa unes quantes temporades, en una lliga entre diferents associacions culturals festives de Castell\u00f3. Potser el de menys sigui els resultats, tot i que aquest any, les coses van comen\u00e7ar millor, es nota l&#8217;aportaci\u00f3 de nova saba, de la joventut, per\u00f2 el veritablement important \u00e9s l&#8217;esperit esportiu, la conviv\u00e8ncia, la il\u00b7lusi\u00f3, la sana rivalitat entre associacions que amb nosaltres, comparteixen una mateixa finalitat, a part de l&#8217;afici\u00f3 a l&#8217;esport i en concret al futbol sala, les nostres tradicions i les nostres festes. Entre setmana, ja se sap, el dur i prec\u00eds entrenaments i el cap de setmana, partit. Potser en aix\u00f2 no arribarem a ser campions esportius, per\u00f2 som campions en il\u00b7lusi\u00f3 i sentiment festiu, aix\u00f2 no ens ho treu ning\u00fa, comparteix amb nosaltres aquesta il\u00b7lusi\u00f3, est\u00e0s convidat. En cada partit, en cada enfrontament, entre els membres de l&#8217;equip de futbol sala, no hi ha difer\u00e8ncies, tots som del mateix equip i nom\u00e9s n&#8217;hi ha un per tots i tots per un, encara que aquest un sigui la pilota.<\/p>\n<h2>Balls Tradicionals<\/h2>\n<p>Cada divendres a la tarda, els nens i nenes del nostre barri van al Cau per aprendre els balls t\u00edpics del nostre estimat Castell\u00f3 i les seues comarques ve\u00efnes. Bolero i jota, seguidilles i marineries del Grau, sota la direcci\u00f3 de la professora Lled\u00f3, els m\u00e9s joves s&#8217;inicien en l&#8217;art dels balls regionals. Els assajos s\u00f3n divertid\u00edssims i molt molt soroll! I despr\u00e9s de molt\u00edssimes hores d&#8217;assajos, arriben les actuacions, tant dins de la setmana de la Magdalena com en altres actes com ara el Pregonet dedicat a la Mare de D\u00e9u del Lled\u00f3 en les seves festes del mes de maig. Tremendament orgullosos ens sentim en la 15 dels nostres &#8220;ballaors&#8221; que, sempre acompanyats pel grup de &#8220;Dol\u00e7aina i Tabal&#8221;, fan les del\u00edcies de grans i petits en les seves actuacions.<\/p>\n<h2>Teatre valenci\u00e0<\/h2>\n<p>Ja fa moltes d\u00e8cades que en l&#8217;horta valenciana van comen\u00e7ar a representar-se obres de teatre d&#8217;estil casol\u00e0, obres ambientades en el m\u00f3n rural o b\u00e9 a la incipient classe mitjana de les ciutats mediterr\u00e0nies en els anys 60\/70. Hist\u00f2ries de la quotidianitat, sempre carregades d&#8217;una bona dosi d&#8217;humor. Aquesta tradici\u00f3 es va anar estenent geogr\u00e0fica i temporalment, i fa ja molts anys va arribar fins a la nostra Gaiata. Sempre dins de la programaci\u00f3 de festes que Sequiol prepara amb afany per a la setmana de la Magdalena, hi ha una nit dedicada al Teatre Valenci\u00e0. I aquesta representaci\u00f3 no seria possible sense el grup de gent que cada any escull l&#8217;obra, adapta els papers, dissenya escenari i vestuaris, i per descomptat assaja al llarg de tot l&#8217;any perqu\u00e8 el gran dia surti tot a la perfecci\u00f3. Actors de totes les edats, grans i petits, troben un lloc en el nostre Teatre Valenci\u00e0. Si no hi ha prou papers, no els vam inventar! Perqu\u00e8 al final el que volem \u00e9s fer passar una estona molt molt divertit a ve\u00efns, socis i amics del Sequiol.<\/p>\n","protected":false},"excerpt":{"rendered":"<p>Escola i\u00a0secci\u00f3 de Dol\u00e7aina i Tabal Cada dissabte al mat\u00ed, d&#8217;octubre a maig, des d&#8217;aquest curs en una aula cedida amablement per l&#8217;Associaci\u00f3 &#8220;Verge de Lledo&#8221; i sota la batuta i les ordres del polifac\u00e8tic i professor de Dol\u00e7aiana i Tabal, Domingo, s&#8217;imparteixen les classes de aquests instruments tan t\u00edpics de la nostra terra i [&hellip;]<\/p>\n","protected":false},"author":1,"featured_media":0,"parent":0,"menu_order":8,"comment_status":"open","ping_status":"closed","template":"","meta":{"footnotes":""},"class_list":["post-12728","page","type-page","status-publish","hentry"],"_links":{"self":[{"href":"https:\/\/sequiol.es\/vl\/wp-json\/wp\/v2\/pages\/12728","targetHints":{"allow":["GET"]}}],"collection":[{"href":"https:\/\/sequiol.es\/vl\/wp-json\/wp\/v2\/pages"}],"about":[{"href":"https:\/\/sequiol.es\/vl\/wp-json\/wp\/v2\/types\/page"}],"author":[{"embeddable":true,"href":"https:\/\/sequiol.es\/vl\/wp-json\/wp\/v2\/users\/1"}],"replies":[{"embeddable":true,"href":"https:\/\/sequiol.es\/vl\/wp-json\/wp\/v2\/comments?post=12728"}],"version-history":[{"count":1,"href":"https:\/\/sequiol.es\/vl\/wp-json\/wp\/v2\/pages\/12728\/revisions"}],"predecessor-version":[{"id":12729,"href":"https:\/\/sequiol.es\/vl\/wp-json\/wp\/v2\/pages\/12728\/revisions\/12729"}],"wp:attachment":[{"href":"https:\/\/sequiol.es\/vl\/wp-json\/wp\/v2\/media?parent=12728"}],"curies":[{"name":"wp","href":"https:\/\/api.w.org\/{rel}","templated":true}]}}